{"id":6458,"date":"2021-03-18T02:19:29","date_gmt":"2021-03-17T22:49:29","guid":{"rendered":"https:\/\/jalalmalaksha.com\/?page_id=6458"},"modified":"2021-11-10T12:11:43","modified_gmt":"2021-11-10T07:11:43","slug":"%da%98%db%8c%d8%a7%d9%86%d9%86%d8%a7%d9%85%db%95","status":"publish","type":"page","link":"https:\/\/jalalmalaksha.com\/?page_id=6458&lang=kr","title":{"rendered":"Jiyan nameya Celal\u00ea Melek\u015fay\u00ea"},"content":{"rendered":"<p><div   class='avia-fullscreen-slider main_color   avia-builder-el-0  el_before_av_heading  avia-builder-el-first  container_wrap sidebar_right'  ><div  class='avia-slideshow av-km7y4u1v-ab10d13d52ea0db68b0b582c751997b3 avia-slideshow-no scaling av_fullscreen avia-slide-slider av-slideshow-ui av-control-default av-slideshow-manual av-loop-once av-loop-manual-endless av-default-height-applied   avia-slideshow-1' data-slideshow-options=\"{&quot;animation&quot;:&quot;slide&quot;,&quot;autoplay&quot;:false,&quot;loop_autoplay&quot;:&quot;once&quot;,&quot;interval&quot;:5,&quot;loop_manual&quot;:&quot;manual-endless&quot;,&quot;autoplay_stopper&quot;:false,&quot;noNavigation&quot;:false,&quot;bg_slider&quot;:true,&quot;keep_padding&quot;:false,&quot;hoverpause&quot;:false,&quot;show_slide_delay&quot;:0,&quot;slide_height&quot;:&quot;100&quot;,&quot;image_attachment&quot;:&quot;&quot;}\"  itemprop=\"image\" itemscope=\"itemscope\" itemtype=\"https:\/\/schema.org\/ImageObject\" ><ul class='avia-slideshow-inner ' style='padding-bottom: 47.777777777778%;'><li style='background-position:center center;' data-img-url='https:\/\/jalalmalaksha.com\/wp-content\/uploads\/2021\/03\/jalalmalaksha-official.jpg' class='avia-slideshow-slide av-km7y4u1v-ab10d13d52ea0db68b0b582c751997b3__0  av-single-slide slide-1 slide-odd'><div data-rel='slideshow-1' class='avia-slide-wrap '   ><\/div><\/li><\/ul><\/div><\/div><div id='after_full_slider_1'  class='main_color av_default_container_wrap container_wrap sidebar_right'  ><div class='container av-section-cont-open' ><div class='template-page content  av-content-small alpha units'><div class='post-entry post-entry-type-page post-entry-6458'><div class='entry-content-wrapper clearfix'><br \/>\n\n<style type=\"text\/css\" data-created_by=\"avia_inline_auto\" id=\"style-css-av-kme1ar94-27149b1a42c11feb4d1be674b022623d\">\n#top .av-special-heading.av-kme1ar94-27149b1a42c11feb4d1be674b022623d{\npadding-bottom:10px;\nfont-size:25px;\n}\nbody .av-special-heading.av-kme1ar94-27149b1a42c11feb4d1be674b022623d .av-special-heading-tag .heading-char{\nfont-size:25px;\n}\n#top #wrap_all .av-special-heading.av-kme1ar94-27149b1a42c11feb4d1be674b022623d .av-special-heading-tag{\nfont-size:25px;\n}\n.av-special-heading.av-kme1ar94-27149b1a42c11feb4d1be674b022623d .av-subheading{\nfont-size:22px;\n}\n\n@media only screen and (min-width: 480px) and (max-width: 767px){ \n#top #wrap_all .av-special-heading.av-kme1ar94-27149b1a42c11feb4d1be674b022623d .av-special-heading-tag{\nfont-size:0.8em;\n}\n}\n\n@media only screen and (max-width: 479px){ \n#top #wrap_all .av-special-heading.av-kme1ar94-27149b1a42c11feb4d1be674b022623d .av-special-heading-tag{\nfont-size:0.8em;\n}\n}\n<\/style>\n<div  class='av-special-heading av-kme1ar94-27149b1a42c11feb4d1be674b022623d av-special-heading-h1 blockquote modern-quote  avia-builder-el-1  el_after_av_fullscreen  avia-builder-el-no-sibling  av-inherit-size'><h1 class='av-special-heading-tag'  itemprop=\"headline\"  >Jiyan nameya Celal\u00ea Melek\u015fay\u00ea<\/h1><div class='av-subheading av-subheading_below'><p>\u2022 Zarokt\u00ee \u00fb xortan\u00ee<br \/>\nCelal Melek\u015fa 28 \u00ea adar\u00ea ya sala 1952an ya zay\u00een\u00ee de li gund\u00ea Melek\u015fa y\u00ea bajar\u00ea Siney\u00ea ji day\u00eek b\u00fbye .<br \/>\nNav\u00ea bav\u00ea w\u00ee Ehmed e \u00fb nav\u00ea diya w\u00ee Am\u00eene Gew\u00eel\u00eeye.Celal zarok\u00ea yekem \u00ea malbat\u00ea \u00fb s\u00ea xw\u00eei\u015fk \u00fb s\u00ea bira w\u00ee hene.<br \/>\nBer\u00ee ku here dibistan\u00ea, ew di bin bandora ap\u00ea xwe bi nav\u00ea Ebdureza de h\u00een\u00ee xwendin \u00fb niv\u00eesandina kurd\u00ee dibe.bo xwe dib\u00eaje;<br \/>\n&#8220;Ez p\u00eanc sal\u00ee b\u00fbm ku ap\u00ea min ez te\u015fw\u00eeq kirim ku ez helbest\u00ean helbestvan\u00ean klas\u00eek \u00ean Kurd M\u00eena Nal\u00ee \u00fb Mahv\u00ee jiber bikim.&#8221;<br \/>\nDema ku bav\u00ea w\u00ee di be\u015fa \u00e7andiy\u00ea ya Siney\u00ea de dixebit\u00ee Celal 8 sal\u00ee b\u00fb, ew \u00fb malbata xwe ko\u00e7\u00ee siney\u00ea kirin \u00fb li wir bi cih b\u00fbn. Ji ber ku temen\u00ea w\u00ee ji 7 sal\u00ee mezintir b\u00fb ew bi zor\u00ea li dibistan\u00ea hate qeyd kirin<br \/>\nJi ber rew\u015fa \u00eeran\u00ea \u00fb qedexekirina xwendina bi ziman\u00ea zikmak\u00ee, m\u00eena zarok\u00ean din, ew mecb\u00fbr e ku bi faris\u00ee bixw\u00eene Xwendina seretay\u00ee li dibistan\u00ean \u015f\u00eax Muhacir, Se\u2032d\u00ee, \u00e7iwar\u00ea Aban, \u00fb Se\u2032d\u00ee 2 diqed\u00eene<br \/>\nqonaxa nav\u00een \u00fb daw\u00een li dibistan\u00ean \u015fap\u00fbr, B\u00fb El\u00ee, Raz\u00ee, XEzal\u00ee \u00fb Hidayet \u00fb d\u00eeploma edebiyata Faris\u00ee temam dike.<\/p>\n<p>\u2022 \u00c7alakiy\u00ean siyas\u00ee<br \/>\nCelal Melek\u015fa di temenek k\u00eam de tevl\u00ee xebata siyas\u00ee dube. Ew bi niv\u00eesandina helbest \u00fb \u00e7\u00eerokan di rojname \u00fb kovar\u00ean faris\u00ee de di rew\u015fek taybet\u00ee de b\u00fb.<br \/>\nJi ber niv\u00ees\u00ean xwe gelek caran ji aliy\u00ea r\u00eaveberiya SAVAK\u00ea ve t\u00ea girtin \u00fb dikeve zindan\u00ea. Girt\u00eegeh ji bo w\u00ee dibe zan\u00eengeh, li wir \u00e7end kesayetiy\u00ean ji partiy\u00ean mezin \u00fb bi\u00e7\u00fbk nas dike.<br \/>\nLi fikir \u00fb raman\u00ean gelek kom\u00ean \u00e7ep \u00fb siyas\u00ee y\u00ean kurd, \u00fb her weha Feday\u00ee \u00fb Mucahid, nas dibe. M\u00eenak\u00ee, di zindana Siney\u00ea de, w\u00ee bi B\u00eahr\u00fbz Heq\u00ee Men\u00ee\u2019 ji Tebr\u00eez \u00fb endamek navdar a Feday\u00ee re hevd\u00eetin dike.<br \/>\nB\u00eahr\u00fbz Heq\u00ee Men\u00ee\u2032 du salan materyal\u00eezma diyalekt\u00eek\u00ee ya d\u00eerok\u00ee h\u00een\u00ee celal dike Celal ji w\u00ee wek\u00ee hosteyek\u00ee j\u00eahat\u00ee behs dike. Ber\u00ee \u015fore\u015f\u00ea, ew endam\u00ea r\u00eaxistina \u00e7ir\u00eek\u00ean Feday\u00ee li Kurdistan\u00ea b\u00fb heta dawiya pad\u00ee\u015fahiya . Pi\u015ft\u00ee w\u00ea, ew dibe endam\u00ea Komela Ew ji ber \u00e7alakiy\u00ean xwe y\u00ean siyas\u00ee hem di hik\u00fbmeta padi\u015fah\u00ee hem j\u00ee di Komara \u00eeIslam\u00ee de n\u00eaz\u00ee 12 salan di girt\u00eegeh\u00ea de ma. sop\u00ean \u00e7alakiya w\u00ee ya siyas\u00ee di berhem\u00ean w\u00ee de t\u00eane d\u00eetin. D\u00fb re w\u00ee dev ji \u00e7alakiya siyas\u00ee berda. Ew bixwe dib\u00eaje ku mirov nikare xwe ji \u00e7alakiya siyas\u00ee d\u00fbr bixe. Bi taybet\u00ee niv\u00eeskaran Div\u00ea huner di \u00e7ar\u00e7oveya partiyek\u00ea de ney\u00ea zindan kirin<br \/>\nBerpirsiyariya partiyek\u00ea azadiya raman\u00ea j\u00ea dike.<\/p>\n<p>\u2022 Girt\u00eegeh<br \/>\nCelal Melek\u015fa di xortaniya xwe de tevl\u00ee xebata siyas\u00ee dibe \u00fb Ji ber niv\u00ees \u00fb \u00e7alakiy\u00ean xwe y\u00ean siyas\u00ee gelek caran hat hepis kirin. Cara yekem di sala 1969an de di dema rej\u00eema Pehlew\u00ee de di 17 saliya xwe de ji ber helbest\u00ean xwe \u00ee\u015fkence d\u00eetiye. Pi\u015ft\u00ee w\u00ea, ew bi bahaney\u00ean cih\u00ea hatib\u00fb ragirtin \u00fb z\u00eendan kirin. Di 1972 de, ew \u00e7ar sal z\u00eendan hat mehk\u00fbm kirin \u00fb Pi\u015ft\u00ee du salan hat berdan. Di sala 1976\u2019an de d\u00eesa dikeve girt\u00eegeh\u00ea.<br \/>\nL\u00ea ew \u00ea bi van biryaran t\u00eak ne\u00e7e \u00fb cara yekem li girt\u00eegeh\u00ea dest bi niv\u00eesandina \u00e7\u00eerok\u00ea dike \u00fb Ji kovar\u00ean fairis\u00ee re di\u015f\u00eene. Bi van \u00e7\u00eerokan, deriyek\u00ee din di jiyana edeb\u00ee de vedike Ew \u00e7\u00eerok\u00ean ku ji girt\u00eegeh\u00ea derdikevin Ew qas bi bandor e ku pi\u015ft\u00ee azadb\u00fbn\u00ea. Li gelek deveran nav\u00fbdeng dibe Bi gelek niv\u00eeskar, helbestvan \u00fb \u00e7alakvan\u00ean siyas\u00ee re nas dibe. Di sala 1987\u2019an de d\u00eesa dikeve girt\u00eegeh\u00ea L\u00ea pi\u015ft\u00ee \u00e7end mehan, hik\u00fbmeta Pehlew\u00ee, di bin zexta t\u00eako\u015f\u00eena netewey\u00ee de, ne\u00e7ar dim\u00eene ku piraniya girtiy\u00ean siyas\u00ee berde.<br \/>\nPi\u015ft\u00ee hilwe\u015fandina hik\u00fbmeta Pehlew\u00ee, Celal Melek\u015fa tu car\u00ee li hember hik\u00fbmet\u00ea aram neb\u00fb \u00fb li hember \u00e7ewsandina gel\u00ea xwe bi berpirsiyar\u00ee tevgeriya.<br \/>\nPi\u015ft\u00ee \u015fore\u015f\u00ea \u00fb di Komara \u00eeslam\u00ee de, ew yek ji yekem\u00een \u00e7alakvan\u00ean Kurd e ku hatiye girtin \u00fb z\u00eendan\u00eekirin.<br \/>\nJi ber \u00e7alakiy\u00ean w\u00ee, tevahiya malbata w\u00ee rast\u00ee zextan t\u00ea \u00fb demek\u00ea di girt\u00eegeh\u00ea de dim\u00eenin<br \/>\nHer weha ew \u00e7end caran hewl didin ku jina w\u00ee, Behye xanim, ku li siney\u00ea mamoste b\u00fb, derx\u00eenin \u00fb w\u00ea bibin bajar\u00ean din.<br \/>\nCelal Melek\u015fa d\u00eesa di sala 1983an de bi 10 sal z\u00eendan \u00fb 15 sal j\u00ee bi sirg\u00fbn\u00ea hat mehk\u00fbm kirin<br \/>\nDi dema girtina xwe de, ew \u00e7end meh carek\u00ea ji girtiyek vedigere girt\u00eegehek din, di v\u00ea navber\u00ea de gelek niv\u00ees\u00ean w\u00ee winda dibin \u00fb \u00e7end pirt\u00fbk\u00ean w\u00ee y\u00ean helbest\u00ea t\u00eane \u015fewitandin.<br \/>\nPi\u015ft\u00ee n\u00eaz\u00ee 4 sal\u00ean girt\u00eegeh\u00ea, ew bi ef\u00fbyek gi\u015ft\u00ee wek\u00ee girtiy\u00ean din hate berdan<br \/>\nD\u00fb re, ew carinan dema ku ji bo Kovara Sirwey\u00ea dixebit\u00ee dihate girtin \u00fb di\u015fandin girt\u00eegeh\u00ea.<br \/>\nEzm\u00fbna girt\u00eegeh\u00ea di helbest\u00ean w\u00ee de xuya b\u00fb.<br \/>\nCelal Melek\u015fa ji ber b\u00eer \u00fb bawer\u00ee \u00fb hewldan\u00ean xwe y\u00ean ji bo biserxistina daxwaz\u00ean xwe y\u00ean mirov\u00ee hem di rej\u00eema Pehlew\u00ee \u00fb hem j\u00ee di Komara Islamicslam\u00ee de bi gi\u015ft\u00ee 12 salan di girt\u00eegeh\u00ea de ma.<br \/>\nWek\u00ee m\u00eenak, zindan\u00ean Savak \u00fb \u00eetila\u2032at\u00ea li Sine, wirm\u00ea, Abadan, \u00fb qezel Hesar her yek demek\u00ea maye.<\/p>\n<p>\u2022 Komeleya Niv\u00eeskaran<br \/>\nCelal Melek\u015fa di temenke k\u00eame de dest bi niv\u00eesandin\u00ea kir. W\u00ee di helbesta n\u00fb ya Faris\u00ee de serkeftinek mezin bi dest xist \u00fb helbest \u00fb \u00e7\u00eerok\u00ean w\u00ee di w\u00ea dem\u00ea de di gelek rojname \u00fb kovar\u00ean navdar \u00ean \u00eeran\u00ea de<br \/>\ndi 1977 de, her \u00e7end pirt\u00fbkek ji h\u00eala w\u00ee ve nehatib\u00fb \u00e7ap kirin Ji ber h\u00eaza berhem\u00ean xwe, di rojname \u00fb kovar\u00ean ku helbest \u00fb \u00e7\u00eerok\u00ean w\u00ee diwe\u015fandin dibe endam\u00ea Komela Niv\u00eeskar\u00ean \u00eeran\u00ea.<br \/>\nW\u00ea dem\u00ea, endam\u00ean din \u00ean Kurd, wek El\u00ee E\u015fref Derw\u00ea\u015fiyan, Omer Far\u00fbq\u00ee j\u00ee b\u00fbn. Endam b\u00fbna Komela Niv\u00eeskaran dibe derfeta hevd\u00eetin \u00fb hevaltiya niv\u00eeskar \u00fb helbestvan\u00ean mezin \u00ean w\u00ea dem\u00ea<br \/>\nM\u00eenak, Mehd\u00ee Exewan Salis, Ehmed\u00ea \u015faml\u00fb, H\u00fb\u015feng\u00ea Gul\u015f\u00eer\u00ee, Celal\u00ea Al-Ehmed \u00fb Mehm\u00fbd \u00ea\u2032t\u00eamadzade.<\/p>\n<p>\u2022 gir\u00eadana civak\u00ee<br \/>\nT\u00eakiliya w\u00ee bi piraniya hunermend, helbestvan \u00fb niv\u00eeskar\u00ean Kurd \u00fb \u00eeran\u00ea re ji taybetmeniy\u00ea celal b\u00fb.<br \/>\nMehd\u00eey\u00ea Exewan Salis, Ehmed\u00ea \u015faml\u00fb, H\u00fb\u015feng\u00ea Gul\u015f\u00eer\u00ee,Xosrew gulsurx\u00ee,Ebas pehlewan,M\u00eerza axa Esger\u00ee,Ehmed\u00ea Ehrar, \u00eesma\u2032\u00eel\u00ea xoy\u00ee , \u00eesma\u2032\u00eel\u00ea N\u00fbr\u00ee E\u2032la ,Se\u2032\u00eed\u00ea sultanp\u00fbr \u2026.Ew niv\u00eeskar \u00fb helbestvan\u00ean navdar \u00ean faris\u00ee ne Ku Celal bi wan ve gir\u00eaday\u00ee b\u00fb Her weha bi niv\u00eeskar\u00ean kurd \u00ean mezin wek\u00ee H\u00eamin \u00fb Hejar Mela Ebdulker\u00eem Muderis, Mes\u2032\u00fbd Mihemed Hevd\u00eetin \u00fb axaftin\u00ea w\u00ee heb\u00fb.<br \/>\nBi Edula Pe\u015f\u00eaw, \u015f\u00earko B\u00eakes, Marif xeznedar, Reh\u00eem Luqman\u00ee, Ha\u015fim Sirac, Ehmad\u00ea Qaz\u00ee, Osman Da\u015ft\u00ee, Marf Axay\u00ee, \u015fukir Mustefa, Ker\u00eem Dafi\u2032\u00ee, S\u00eem\u00een \u00e7ay\u00ee\u00e7\u00ee, Fereyd\u00fbn Er\u015fed\u00ee, Ebas Heq\u00eeq\u00ee, Ferhad \u2018Ewn\u00ee, Mihemed Se\u2032\u00eed Necar, \u015fukrila baban, Nasir Rezaz\u00ee, \u015fivan perwer, Ez\u00eez \u015farux, \u00fb Necmed\u00een xulam\u00ee Hevalt\u00ee \u00fb gir\u00eadana w\u00ee heb\u00fb. Ji ber rojnameger\u00ee \u00fb xebata siyas\u00ee ya bi piraniya kesayetiy\u00ean siyas\u00ee y\u00ean Kurd re gir\u00eadan \u00fb p\u00eawend\u00ee w\u00ee heb\u00fb., Wek Mes\u2032\u00fbd Barzan\u00ee, Celal Taleban\u00ee, Mela Bextiyar, Firaniswa Her\u00eer\u00ee, N\u00ea\u00e7\u00eervan Barzan\u00ee, Ebdula Muhted\u00ee, His\u00ean Yezdanpena, Mustefa Hicr\u00ee, xalid Ez\u00eez\u00ee, Reza Ke\u2032b\u00ee, Ker\u00eem Hisam\u00ee \u2026<br \/>\nDi yek ji gir\u00eengtir\u00een dema jiyana xwe de, Celal Melek\u015fa bi kir\u00ees ko\u00e7\u00eara, l\u00eakol\u00eener \u00fb rojnamevan\u00ea navdar \u00ea Firens\u00ee re hevd\u00eetin dike \u00fb w\u00ee m\u00eena hostayek\u00ee bib\u00eer t\u00eeine.<\/p>\n<p>\u2022 jiyana malbat\u00ee<br \/>\nCelal Melek\u015fa di 24 saliya xwe de li 1975 -an de digel Behye xanim Ejdernijad, ji malbatek\u00ea navdar ya wirm\u00ea re zewic\u00ee berhema jiyana wan a hevpar s\u00ea kurin bi nav\u00ea Kave , \u015faho \u00fb Nimanin.<\/p>\n<p>\u2022 Jiyana li dervey\u00ee \u00eeran\u00ea<br \/>\nCelal Melek\u015fa Ji ber \u00e7alakiy\u00ean w\u00ee y\u00ean di dema rej\u00eema Pehlew\u00ee \u00fb Komara \u00eeslam\u00ee de, ew gelek caran ne\u00e7ar dim\u00eene ku li derveya \u00eeranran\u00ea bij\u00ee. Bajar\u00ean Tehran, wirm\u00ea, Abadan, Xurem\u015far, \u015f\u00eeraz, \u00eesfehan, Seqiz, Mehabad, Bokan \u00fb heta sine j\u00ee w\u00ee demek\u00ea bi ve\u015fart\u00ee maye. L\u00ea tev\u00ee hem\u00fb pirsgir\u00eak\u00ean xwe j\u00ee w\u00ee tu car\u00ee welat bi cih neh\u00ea\u015ft. Di destp\u00eaka kariya xwe deli sirwey\u00ea, ew ji hin zext\u00ean ewlehiy\u00ea hinek xilas dibe. L\u00ea her ku di\u00e7e, girtin \u00fb z\u00eendan\u00eekirin z\u00eadetir dibe. Pi\u015ft\u00ee cih\u00eab\u00fbna w\u00ee ji sirwey\u00ea di bin zexta \u00eest\u00eexbarata Komara \u00ee slam\u00ee de hewil didin w\u00ee \u00ce\u015fkence bikin \u00fb demek dir\u00eaj w\u00ee t\u00eaxin zindan\u00ea. Pi\u015ft\u00ee v\u00ea senaryoy\u00ea Nikare bisekine Ew dib\u00eaje; \u00ead\u00ee H\u00eaz \u00fb tiwanaya keleb\u00e7e \u00fb \u00ea\u015fkenceya din re ji min re nemab\u00fb Ez bi r\u00eay\u00ean qa\u00e7ax \u00e7\u00fbm ba\u015f\u00fbr\u00ea Kurdistan\u00ea . Hewl\u00ear \u00fb Sil\u00eaman\u00ee hemb\u00eaza xwe ji celal\u00ea re vedikin.herwiha demek\u00ea li Bexday\u00ea j\u00ee dim\u00eene.<\/p>\n<p>\u2022 Sal\u00ean daw\u00ee y\u00ean jiyan\u00ea<br \/>\nSal\u00ean daw\u00een \u00ean jiyana Celal k\u00eam an z\u00eade di ten\u00eatiy\u00ea de b\u00fbn li \u00eeran\u00ea, bi tu away\u00ee r\u00ea nadin \u00e7alakiya edeb\u00ee \u00fb W\u00ee nedikar\u00eeb\u00fb berhem\u00ean xwe b\u00eay\u00ee sansor biwe\u015fanda \u00fb \u00e7ap bikira. Dest\u00fbra be\u015fdarb\u00fbna di her komb\u00fbn an konferans\u00ea de ji bo w\u00ee tueb\u00fb. Biryar b\u00fb Ji bo xizmeta w\u00ee ya gelek salan di sala 2019 -an de li Salona Facir ya Siney\u00ea meras\u00eemek ji bo w\u00ee were li dar xistin Ji bo meras\u00eem\u00ea j\u00ee amadekariy\u00ean ba\u015f hatin kirin L\u00ea di demjim\u00ear\u00ean pa\u015f\u00een de, agahdariya Komara Islam\u00ee asteng kir \u00fb cih\u00ea komb\u00fbn\u00ea regirtin \u00fb gel belav kirin. \u00c7end caran ji aliy\u00ea hik\u00fbmeta Ba\u015f\u00fbr\u00ea Kurdistan\u00ea ve bo jiyan\u00ea hate vexwendin L\u00ea Celal qet d\u00fbrb\u00fbna Rojhilat \u00fb bi taybet\u00ee j\u00ee bajar\u00ea Siney\u00ea tehem\u00fbl nedikir. Nexwe\u015f\u00ee j\u00ee zext\u00ea li w\u00ee dikir \u00fb bi zehmet\u00ee dime\u015fiya. L\u00ea w\u00ee tu car\u00ee dev ji niv\u00eesandin\u00ea berneda \u00fb niha j\u00ee berhem\u00ean w\u00ee y\u00ean ne \u00e7apkir\u00ee mane.<\/p>\n<p>\u2022 ko\u00e7a daw\u00een \u00fb pi\u015ft\u00ee mirin\u00ea<br \/>\nCelal Melek\u015fa di perdeya pa\u015f\u00een a jiyana xwe de demjim\u00ear 6:15 dan\u00ea \u00eavar\u00ea 31 -\u00ea Sermawez, 2020, li mala bav\u00ea xwe li tax\u00ea qewpal li bajar\u00ea siney\u00ea ji ber girtina dil ko\u00e7a daw\u00ee kir. Di 1 -\u00ea Cotmeh\u00ea, 2020 -an de, di rew\u015fek pir ewledar de, la\u015f\u00ea w\u00ee hate dan\u00een ser mil\u00ean sedan kesn\u00ean bajar\u00ea sine \u00fb al\u00eegir\u00ean w\u00ee \u00fb bi dir\u00fb\u015fma \u015fore\u015fger\u00ee \u00fb sir\u00fbda ey req\u00eeb er\u00ea xwe dan gund\u00ea Melek\u015fan ya bajar\u00ea siney\u00ea li war\u00ea bav \u00fb kal\u00ea xwe hate ve\u015fartin. Gelek kesayet\u00ean siyas\u00ee y\u00ean Kurd M\u00eena serok\u00ea hik\u00fbmeta ba\u015f\u00fbr N\u00ea\u00e7\u00eervan Barzan\u00ee \u00fb serokwez\u00eer\u00ea hik\u00fbmeta ba\u015f\u00fbr Mesr\u00fbr Barzan\u00ee hem\u00fb part\u00ee \u00fb aliy\u00ean siyas\u00ee Ji malbata w\u00ea \u00fb hem\u00fb Kurdistan\u00ea re sersaxiy\u00ea xwestin. Mes\u00fbd Barzan\u00ee j\u00ee tace gulek ji gora w\u00ee re \u015fand. Ji bil\u00ee meras\u00eem\u00ean bajar\u00ea Sine \u00fb gund\u00ea Melek\u015fan Li Ewr\u00fbpa \u00fb Amer\u00eekay\u00ea, ji bo ko\u00e7a dawita Celal Melek\u015fa \u00e7end meras\u00eem ji aliy\u00ea Kurdan ve hatin bir\u00ea ve birin. Pi\u015ft\u00ee mirina w\u00ee, \u00e7end kes ji malbat \u00fb heval\u00ean w\u00ee y\u00ean n\u00eaz\u00eek ji h\u00eala \u00eest\u00eexbarat\u00ea ve hatin gaz\u00ee kirin \u00fb l\u00eapirs\u00een\u00ea. Ev j\u00ee v\u00ea rastiy\u00ea radigih\u00eene ku p\u00ean\u00fbsa r\u00fbmeta \u015fahban\u00fb \u00fb bandora w\u00ee pi\u015ft\u00ee mirina w\u00ee j\u00ee di \u00e7av\u00ean dijmin\u00ean Kurd de xen\u00e7erek e. Di roja \u00e7ilem\u00een a mirina Celal Melek\u015fa de, m\u00eena dilsoziya Ji bo xizmet \u00fb bandora Celal Melek\u015fa li her du bajar\u00ean Sil\u00eaman\u00ee \u00fb Hewl\u00ear\u00ea meras\u00eemeke mezin \u00fb bi r\u00fbmet hat lidarxistin Ji bo perdeladana pirt\u00fbka\u201dp\u00eere dar\u201d.<\/p>\n<\/div><div class=\"special-heading-border\"><div class=\"special-heading-inner-border\"><\/div><\/div><\/div><\/p>\n","protected":false},"excerpt":{"rendered":"","protected":false},"author":1,"featured_media":6449,"parent":0,"menu_order":0,"comment_status":"closed","ping_status":"closed","template":"","meta":{"_monsterinsights_skip_tracking":false,"_monsterinsights_sitenote_active":false,"_monsterinsights_sitenote_note":"","_monsterinsights_sitenote_category":0,"footnotes":""},"class_list":["post-6458","page","type-page","status-publish","has-post-thumbnail","hentry"],"aioseo_notices":[],"_links":{"self":[{"href":"https:\/\/jalalmalaksha.com\/index.php?rest_route=\/wp\/v2\/pages\/6458","targetHints":{"allow":["GET"]}}],"collection":[{"href":"https:\/\/jalalmalaksha.com\/index.php?rest_route=\/wp\/v2\/pages"}],"about":[{"href":"https:\/\/jalalmalaksha.com\/index.php?rest_route=\/wp\/v2\/types\/page"}],"author":[{"embeddable":true,"href":"https:\/\/jalalmalaksha.com\/index.php?rest_route=\/wp\/v2\/users\/1"}],"replies":[{"embeddable":true,"href":"https:\/\/jalalmalaksha.com\/index.php?rest_route=%2Fwp%2Fv2%2Fcomments&post=6458"}],"version-history":[{"count":3,"href":"https:\/\/jalalmalaksha.com\/index.php?rest_route=\/wp\/v2\/pages\/6458\/revisions"}],"predecessor-version":[{"id":7040,"href":"https:\/\/jalalmalaksha.com\/index.php?rest_route=\/wp\/v2\/pages\/6458\/revisions\/7040"}],"wp:featuredmedia":[{"embeddable":true,"href":"https:\/\/jalalmalaksha.com\/index.php?rest_route=\/wp\/v2\/media\/6449"}],"wp:attachment":[{"href":"https:\/\/jalalmalaksha.com\/index.php?rest_route=%2Fwp%2Fv2%2Fmedia&parent=6458"}],"curies":[{"name":"wp","href":"https:\/\/api.w.org\/{rel}","templated":true}]}}