{"id":6452,"date":"2021-03-18T02:17:11","date_gmt":"2021-03-17T22:47:11","guid":{"rendered":"https:\/\/jalalmalaksha.com\/?page_id=6452"},"modified":"2021-11-17T12:35:22","modified_gmt":"2021-11-17T07:35:22","slug":"%d8%ac%db%95%d9%84%d8%a7%d9%84-%d9%85%db%95%d9%84%db%95%d9%83%d8%b4%d8%a7","status":"publish","type":"page","link":"https:\/\/jalalmalaksha.com\/?page_id=6452&lang=kr","title":{"rendered":"Derbare Celal Malek\u015fay\u00ea"},"content":{"rendered":"<p><div   class='avia-fullscreen-slider main_color   avia-builder-el-0  el_before_av_heading  avia-builder-el-first  container_wrap sidebar_right'  ><div  class='avia-slideshow av-km7y4u1v-ab10d13d52ea0db68b0b582c751997b3 avia-slideshow-no scaling av_fullscreen avia-slide-slider av-slideshow-ui av-control-default av-slideshow-manual av-loop-once av-loop-manual-endless av-default-height-applied   avia-slideshow-1' data-slideshow-options=\"{&quot;animation&quot;:&quot;slide&quot;,&quot;autoplay&quot;:false,&quot;loop_autoplay&quot;:&quot;once&quot;,&quot;interval&quot;:5,&quot;loop_manual&quot;:&quot;manual-endless&quot;,&quot;autoplay_stopper&quot;:false,&quot;noNavigation&quot;:false,&quot;bg_slider&quot;:true,&quot;keep_padding&quot;:false,&quot;hoverpause&quot;:false,&quot;show_slide_delay&quot;:0,&quot;slide_height&quot;:&quot;100&quot;,&quot;image_attachment&quot;:&quot;&quot;}\"  itemprop=\"image\" itemscope=\"itemscope\" itemtype=\"https:\/\/schema.org\/ImageObject\" ><ul class='avia-slideshow-inner ' style='padding-bottom: 47.777777777778%;'><li style='background-position:center center;' data-img-url='https:\/\/jalalmalaksha.com\/wp-content\/uploads\/2021\/03\/jalalmalaksha-official.jpg' class='avia-slideshow-slide av-km7y4u1v-ab10d13d52ea0db68b0b582c751997b3__0  av-single-slide slide-1 slide-odd'><div data-rel='slideshow-1' class='avia-slide-wrap '   ><\/div><\/li><\/ul><\/div><\/div><div id='after_full_slider_1'  class='main_color av_default_container_wrap container_wrap sidebar_right'  ><div class='container av-section-cont-open' ><div class='template-page content  av-content-small alpha units'><div class='post-entry post-entry-type-page post-entry-6452'><div class='entry-content-wrapper clearfix'><br \/>\n\n<style type=\"text\/css\" data-created_by=\"avia_inline_auto\" id=\"style-css-av-kme1acb7-be68f7507bad60b362f5c88287cb0ee7\">\n#top .av-special-heading.av-kme1acb7-be68f7507bad60b362f5c88287cb0ee7{\npadding-bottom:10px;\nfont-size:18px;\n}\nbody .av-special-heading.av-kme1acb7-be68f7507bad60b362f5c88287cb0ee7 .av-special-heading-tag .heading-char{\nfont-size:25px;\n}\n#top #wrap_all .av-special-heading.av-kme1acb7-be68f7507bad60b362f5c88287cb0ee7 .av-special-heading-tag{\nfont-size:18px;\n}\n.av-special-heading.av-kme1acb7-be68f7507bad60b362f5c88287cb0ee7 .av-subheading{\nfont-size:15px;\n}\n\n@media only screen and (min-width: 480px) and (max-width: 767px){ \n#top #wrap_all .av-special-heading.av-kme1acb7-be68f7507bad60b362f5c88287cb0ee7 .av-special-heading-tag{\nfont-size:0.8em;\n}\n}\n\n@media only screen and (max-width: 479px){ \n#top #wrap_all .av-special-heading.av-kme1acb7-be68f7507bad60b362f5c88287cb0ee7 .av-special-heading-tag{\nfont-size:0.8em;\n}\n}\n<\/style>\n<div  class='av-special-heading av-kme1acb7-be68f7507bad60b362f5c88287cb0ee7 av-special-heading-h1 blockquote modern-quote  avia-builder-el-1  el_after_av_fullscreen  el_before_av_heading  avia-builder-el-first  av-inherit-size'><h1 class='av-special-heading-tag'  itemprop=\"headline\"  >Celal Melek\u015fa<\/h1><div class='av-subheading av-subheading_below'><p>Celal Reh\u00eem\u00eei Melek\u015fan binavkir\u00ee bi celal melek\u015fa (19 Hez\u00eeran, 1952 &#8211; 1\u00ea \u00c7iriya P\u00ea\u015f\u00een, 2020) helbestvan, niv\u00eeskar, rojnamevan, rexnegir, \u00e7alakvan\u00ea civak\u00ee-siyas\u00ee \u00fb endam\u00ea Komela Niv\u00eeskar\u00ean \u00eeran\u00ea b\u00fb. W\u00ee d\u00eeploma xwe di edebiyata faris\u00ee de wergirtiye. Pi\u015ft\u00ee w\u00ea, ji ber \u00e7alakiy\u00ean xwe y\u00ean siyas\u00ee \u00fb girtin\u00ea nikar\u00ee xwendin\u00ea bidom\u00eene. celal melek\u015fa di temenek\u00ee k\u00eam de bi armanc dest bi niv\u00eesandin\u00ea dike. Pir z\u00fb kar\u00ee ku mohra xwe di dah\u00eanan de li r\u00fbpela m\u00eaj\u00fbya edeb\u00ean hevdem bide.w\u00ee Yek ji deng\u00ean her\u00ee navdar \u00fb bibandor di tevgera n\u00fbjenkirina helbesta Kurd\u00ee de li Rojhilat\u00ea Kurdistan\u00ea ye. W\u00ee bi ziman\u00ea \u00e7\u00eerok\u00ea helbesta kurd\u00ee ya n\u00fbjen \u00fb helbesta berxwedana Rojhilat\u00ea Kurdistan\u00ea derxist astek din. Ji xeyn\u00ee helbesta di \u00c7\u00eerok\u00ea de, rojnameger\u00ee, l\u00eakol\u00een \u00fb wergerandina gelek berhem\u00ean gir\u00eeng \u00ean w\u00ee hene. Hin helbest\u00ean w\u00ee bi \u00eengil\u00eez\u00ee, frans\u00ee, r\u00fbs\u00ee, ereb\u00ee, sw\u00ead\u00ee, faris\u00ee \u00fb &#8230;hatine wergerandin. Di helbesta Faris\u00ee de di bin bandora N\u00eemay\u00fb\u015f\u00eec, Mehd\u00ee Exewan Salis \u00fb Ehmed\u00ea \u015faml\u00fb b\u00fbye. Di destp\u00eak\u00ea de, ew ji bo niv\u00eesandina helbest\u00ean kurd\u00ee di bin bandora Ebdullah Goran, Let\u00eef Helmet, Ebdullah Pa\u015f\u00eew \u00fb \u015f\u00eerko B\u00eaKes de maye. Pi\u015ft\u00ee demek dir\u00eaj, w\u00ee bi nexwe\u015fiy\u00ea re t\u00eako\u015fiya \u00fb di dawiy\u00ea de \u00eavara 31 -\u00ea Sermawez, 2020-an, ji ber girtina dil xatir ji v\u00ea dinyay\u00ea xwest. Ew li goristana gund\u00ea melek\u015fan\u00ea ya bajar\u00ea Siney\u00ea \u00fb li war\u00ea bav \u00fb kal\u00ean xwe hate ve\u015fartin.<\/p>\n<\/div><div class=\"special-heading-border\"><div class=\"special-heading-inner-border\"><\/div><\/div><\/div><\/p>\n\n<style type=\"text\/css\" data-created_by=\"avia_inline_auto\" id=\"style-css-av-kme1ar94-0c84fe8e7f77055a718a00b5c219c1e4\">\n#top .av-special-heading.av-kme1ar94-0c84fe8e7f77055a718a00b5c219c1e4{\npadding-bottom:10px;\nfont-size:18px;\n}\nbody .av-special-heading.av-kme1ar94-0c84fe8e7f77055a718a00b5c219c1e4 .av-special-heading-tag .heading-char{\nfont-size:25px;\n}\n#top #wrap_all .av-special-heading.av-kme1ar94-0c84fe8e7f77055a718a00b5c219c1e4 .av-special-heading-tag{\nfont-size:18px;\n}\n.av-special-heading.av-kme1ar94-0c84fe8e7f77055a718a00b5c219c1e4 .av-subheading{\nfont-size:15px;\n}\n\n@media only screen and (min-width: 480px) and (max-width: 767px){ \n#top #wrap_all .av-special-heading.av-kme1ar94-0c84fe8e7f77055a718a00b5c219c1e4 .av-special-heading-tag{\nfont-size:0.8em;\n}\n}\n\n@media only screen and (max-width: 479px){ \n#top #wrap_all .av-special-heading.av-kme1ar94-0c84fe8e7f77055a718a00b5c219c1e4 .av-special-heading-tag{\nfont-size:0.8em;\n}\n}\n<\/style>\n<div  class='av-special-heading av-kme1ar94-0c84fe8e7f77055a718a00b5c219c1e4 av-special-heading-h2 blockquote modern-quote  avia-builder-el-2  el_after_av_heading  avia-builder-el-last  av-inherit-size'><h2 class='av-special-heading-tag'  itemprop=\"headline\"  >\u00c7alakiy\u00ean Melek\u015fa<\/h2><div class='av-subheading av-subheading_below'><p>\u2022 Helbest \u00fb \u00e7\u00eerok<br \/>\nCelal Melek\u015fa di k\u00eam de \u00fb di zarokt\u00ee \u00fb xortan\u00eey\u00ea xwe de dest bi niv\u00eesandin\u00ea dike. Li gor\u00ee gotina w\u00ee, w\u00ee helbesta xwe ya yekem dema ku di pola \u00e7arem\u00een a dibistana seretay\u00ee de b\u00fb niv\u00eesiye . trajediya mirina ke\u00e7a c\u00eeran\u00ea wan ku ji ber neb\u00fbna bij\u00ee\u015fk \u00fb dermankirin\u00ea dimire. Di destp\u00eaka xortaniya xwe de, di niv\u00eesandina helbest\u00ea de girantir b\u00fb.di desp\u00eak\u00ea de j\u00ee ezm\u00fba w\u00ee ya helbest\u00ee bi niv\u00eesandina helbest\u00ea bi faris\u00ee ye. N\u00ear\u00een\u00ean w\u00ee y\u00ean siyas\u00ee \u00fb bi gi\u015ft\u00ee niv\u00ees, \u00e7alak\u00ee \u00fb rexneya w\u00eajey\u00ee di bin tevgera \u00e7ep a w\u00ea dem\u00ea de b\u00fbn ku li kom\u00ean rew\u015fenb\u00eer serdest b\u00fb t\u00ea avakirin \u00fb p\u00ea\u015f dikeve. Di helbesta Faris\u00ee de di bin bandora N\u00eemay\u00fb\u015f\u00eec, Mehd\u00ee Exewan Salis \u00fb Ehmed\u00ea \u015faml\u00fb gelek serkeftin bi dest xistiye. Celal Melek\u015fa di heman dema \u015fore\u015fa \u00eeran\u00ea ya sala 1978an de dest bi niv\u00eesandina bi ziman\u00ea zikmak\u00ee kir. Pi\u015ft\u00ee \u00e7end salan wek helbestvan \u00fb niv\u00eeskarek\u00ee navdar \u00ea Kurd bi nav \u00fb deng dibe. Di destp\u00eaka niv\u00eesandin\u00ea de di bin bandora Ebdullah Goran, Let\u00eef Helmet, Ebdullah Pa\u015f\u00eew \u00fb \u015f\u00eerko B\u00eaKes dim\u00eene. Siware \u00eelxan\u00eezade(kak siware), Fatih \u015f\u00eax ol Islam\u00ee(\u00c7awe), El\u00ee Hesenyan\u00ee(Hawar) s\u00ea damezr\u00eaner\u00ean helbesta n\u00fbjen a kurd\u00ee li Rojhilat\u00ea Kurdistan\u00ea b\u00fbn. Li pey wan, nif\u015fek n\u00fb dest bi niv\u00eesandina helbest\u00ea kir.gelek kes bawer dikin ku Celal Melek\u015fa st\u00earkek biriqand\u00ee ya nif\u015f\u00ea n\u00fb b\u00fb ku ji bo xwe re tevgerek taybet\u00ee di helbest\u00ea de damezrand \u00fb gelek kesan bi d\u00fb w\u00ee ketin. Ger em behsa Nima bikin wek\u00ee yekem helbestvan\u00ea Faris\u00ee y\u00ea ku ziman\u00ea \u00e7\u00eerokan bikar aniye. Celal Melek\u015fa bi ziman\u00ea \u00c7\u00eerokan, helbesta n\u00fb ya Rojhilat\u00ea Kurdistan\u00ea ber bi qonaxek n\u00fb ve dibe. Hinek\u00ee, ew riya xwe ji helbestvan\u00ean din cudatir \u00fb r\u00eayek n\u00fb li ber digire. Piraniya helbest\u00ean w\u00ee yan episod\u00eek in an j\u00ee bi tevah\u00ee n\u00ee\u015fanek \u00e7\u00eerok\u00ea heye. Pi\u015ft\u00ee \u015fikestina \u015fore\u015fa Rojhilat\u00ea Kurdistan\u00ea, w\u00ee dev ji welat \u00fb neteweya xwe berneda \u00fb di raman \u00fb helbest\u00ean xwe de s\u00ea mijar\u00ean sereke ava kirin \u00fb jiyana xwe bi wan s\u00ea mijaran dime\u015f\u00eenemijara yekem civak\u00ee :yan\u00ee helbest ji bo w\u00ee ne daxwaz \u00fb xwesteka takekes\u00ee ye.mijara duyem netew\u00ee : Ew Ji k\u00fbrahiya dil\u00ea xwe pirsgir\u00eaka mezin li p\u00ea\u015f milet\u00ea xwe h\u00ees dike. Ji ber v\u00ea yek\u00ea, di helbest\u00ean xwe de, ev\u00eena welat \u00fb hewla rizgarkirina w\u00ea ji ya her\u00ee gir\u00eeng \u00fb diyare.mijara s\u00eayem mirovah\u00ee : div\u00ea helbest xwed\u00ee peyama azad\u00ee, a\u015f\u00eet\u00ee \u00fb edalet\u00ea be. Ji ber naveroka helbest\u00ean w\u00ee ku li dij\u00ee d\u00eektator\u00ee \u00fb dagirkeriya Rojhilat\u00ea Kurdistan\u00ea b\u00fbye w\u00ee bi dijwar \u00fb pir ve\u015fart\u00ee di sala 2004 -an de yekem pirt\u00fbka xwe ya helbest\u00ea bi nave\u201dzirrey zinc\u00eer\u00ee wi\u015fe d\u00eelekan\u201d \u00e7ap bike . Ew ba\u015f hate p\u00ea\u015fwaz\u00ee kirin \u00fb di nav hefteyek\u00ea de gih\u00ee\u015ft \u00e7apa xweya duyem\u00een. Di 2014 de, pirt\u00fbkek bi nav\u00ea berhevoka w\u00ee ya helbest\u00ea, ku t\u00ea de du be\u015f ji helbesta kurd\u00ee \u00fb helbesta faris\u00ee heb\u00fbn, bi diz\u00ee hat we\u015fandin \u00fb belav kirin Ew bi d\u00eewana celal hate naskirin \u00fb navdar b\u00fb. \u00c7apkirina v\u00ea pirt\u00fbk\u00ea ji ber kiwal\u00eetiya k\u00eam \u00fb rastniv\u00eesa \u00e7ewta w\u00ea qet ne bi dil\u00ea Celal b\u00fb. Ew ji ber belavkirina v\u00ea pirt\u00fbk\u00ea d\u00eesa ji aliy\u00ea \u00eest\u00eexbarata \u00eeran\u00ea ve hat girtin \u00fb gelek asteng\u00ee li dij\u00ee w\u00ee derxistin. Ew wek ber\u00ea dev j\u00ea bernade, \u00fb v\u00ea car\u00ea w\u00ee berhema xwe ya duyem di bin \u00e7avd\u00eariya xwe de we\u015fand \u00fb pir ba\u015f hat p\u00ea\u015fwaz\u00ee kirin. W\u00ee p\u00ea\u015f\u00ee dest bi niv\u00eesandina helbestan kir \u00fb di girt\u00eegeha hik\u00fbmeta Pehlew\u00ee de j\u00ee dest bi niv\u00eesandina \u00e7\u00eerokan kir. Piraniya \u00e7\u00eerok\u00ean w\u00ee di \u00e7apxaney\u00ean navdar \u00ean w\u00ea dem\u00ea de hatine we\u015fandin. Di 2013 de, pirt\u00fbkek bi nav\u00ea Kar\u00ea Sat, ku t\u00ea de 19 kurte\u00e7\u00eerok hene, hate we\u015fandin. Piraniya wan ber\u00ea di Kovara Sarveh de hatib\u00fbn we\u015fandin. Curey\u00ea siyaset \u00fb al\u00eekariya ji sembol\u00eezm\u00ea \u00fb carinan j\u00ee surreal\u00eezm ji taybetmendiy\u00ean p\u00ean\u00fbsa w\u00ee di \u00e7\u00eerok\u00ean w\u00ee de t\u00eane zan\u00een. Gelek berhem\u00ean w\u00ee hene ku ji ber sansor\u00ea di hundir\u00ea Iranran\u00ea de li tu cihek\u00ee nehatine we\u015fandin.<\/p>\n<p>\u2022 Rojnamevan\u00ee<br \/>\nDi sala 1966 -an de, yekem helbest\u00ean w\u00ee di rojnamey\u00ean Om\u00eed\u00ea Iran \u00fb Javan\u00ea de t\u00eane we\u015fandin. Di heman sal\u00ea de, helbestek\u00ee w\u00ee ya bi nav\u00ea Bajar\u00ea Min di kovara ciwanan de hate we\u015fandin Ew wek\u00ee helbesta yekem a kovar\u00ea ya v\u00ea meh\u00ea t\u00ea hilbijartin, \u00fb ew ezm\u00fbn yekem t\u00eakiliya w\u00ee bi rojnamey\u00ea re \u00e7\u00eadike. Pi\u015ft\u00ee w\u00ea, helbest, \u00e7\u00eerok \u00fb werger\u00ean w\u00ee y\u00ean ji Kurd\u00ee bo Faris\u00ee di rojname \u00fb kovar\u00ean navdar \u00ean w\u00ea dem\u00ea de hatin we\u015fandin wek Kayhan, Firdews\u00ee, kitab\u00ea com\u2019e, \u00eetila\u2019at\u00ea Hefteg\u00ee, Om\u00eed\u00ea \u00eeran, \u00c7ista, Soxen \u00fb hwd hatin we\u015fandin. Yekem hewla rojnamevan\u00ee ya Celal Malexha di destp\u00eaka sala 1986 -an de dest p\u00ea kir, Pi\u015ft\u00ee vexwendina mamoste H\u00eamin ji bo hevkar\u00ee di r\u00eaveberiya Kovara Sirwe de dest p\u00ea kir. Ew n\u00fb ji girt\u00eegeh\u00ea derketib\u00fb di\u00e7e wim\u00ea \u00fb di kovara Sirwe \u00fb Saz\u00ee y\u00ea Selahed\u00een\u00ea de dixebite \u00fb Wek\u00ee endam\u00ea koma niv\u00eeskar\u00ean w\u00ea kovar\u00ea \u00fb serok\u00ea be\u015fa helbest \u00fb edeb\u00ea \u00fb dibe berpirs\u00ea bersivdana nameyan. Mixabin, hevkariya di navbera w\u00ee \u00fb Mamoste H\u00eamin de dir\u00eaj nabe \u00fb pi\u015ft\u00ee demek\u00ea, Mamoste H\u00eamin di\u00e7e dilovaniy\u00ea xwed\u00ea. Pi\u015ft\u00ee w\u00ea, tirajediya Sirwe naqede. Celal Melek\u015fa z\u00eadetir\u00ee \u00e7ar salan digel mamosty\u00ean mezin \u00ean wek\u00ee Ehmed Qaz\u00ee, Marf Axay\u00ee, Perw\u00eez C\u00eehan\u00ee, Ker\u00eem Qey\u00fbm\u00ee, Far\u00fbq Kayxosraw\u00ee, Ez\u00eez Kayxosraw\u00ee ku bar\u00ea giran \u00ea \u00e7apkirin \u00fb belavkirina kovara Sirwe \u00fb wan pirt\u00fbk\u00ean ku li Selahed\u00een dihatine we\u015fandin ketin mile wan. Celal Melek\u015fa bi rengek\u00ee ji Sirwe hez dike ku v\u00ea yek\u00ea li \u00e7end c\u00eehan de dib\u00eaje:&#8221; W\u00ea dem\u00ea, min ji Sirwey\u00ea wek\u00ee per\u00e7eyek\u00ea cana xwe hez dikir. Ez bawer ku w\u00ea dem\u00ea li Rojhilat\u00ea Kurdistan\u00ea, ew kovar b\u00fb cih\u00ea h\u00eav\u00ee \u00fb daxwaza pirraniya helbestvan \u00fb niv\u00eeskar\u00ean kurd&#8221;. Ji ber t\u00eakiliya ba\u015f \u00fb berfireh a Celal Malexa bi helbestvan, niv\u00eeskar \u00fb niv\u00eeskar\u00ean per\u00e7ey\u00ean din \u00ean Kurdistan\u00ea re qada Sirwe hem ji h\u00eala xwendevan \u00fb hem j\u00ee ji h\u00eala erdn\u00eegar\u00ee ve z\u00eade dibe li gor\u00ee gelek kesan, Kovara Sirwe di serdema Melek\u015fa de di astek\u00ea bilind de xebitiye \u00fb xizmetek\u00ea mezin ji edebiyata ziman\u00ea kurd\u00ee re kiriye. Pi\u015ft\u00ee Sirwey\u00ea, w\u00ee demek\u00ea dev ji rojnamevaniy\u00ea berdide heya sala 1999, ew hate vexwendin ku di be\u015f\u00ea taybet\u00ee y\u00ea kurd\u00ee y\u00ea rojnameya cam cem de li par\u00eazgeha wirm\u00ea kar bike. n\u00eaz\u00eek\u00ee \u00e7il hejmar\u00ean w\u00ea bi ten\u00ea diwe\u015f\u00eene ti\u015ft\u00ea ji dest\u00ea w\u00ea t\u00ea dike ku ew bibe pirek di navbera hik\u00fbmeta Harim \u00fb xelk\u00ea Rojhilat\u00ea Kurdistan\u00ea de ku m\u00eena piraniya \u00e7apameniya ku Celal t\u00ea de be\u015fdar b\u00fb v\u00ea heftenameya taybet\u00ee \u00e7ap bikin. Dewleta \u00eeran\u00ea careke din \u00eari\u015f\u00ee Celal dike \u00fb V\u00ea car\u00ea ji rojhilat derdikeve \u00fb di\u00e7e ba\u015f\u00fbr\u00ea Kurdistan\u00ea li wir j\u00ee bi gelek rojname \u00fb kovaran re hevkariy\u00ea dike. Wek Hewl\u00ear, A\u015ft\u00ee, Aso, Kurdistan \u00fb \u2026Demek j\u00ee li Hewl\u00ear\u00ea kovarek bi nav\u00ea Pir\u015fing derdixist ku demeke kurt dibe \u00fb ten\u00ea p\u00eanc hejmaran diwe\u015f\u00eene. Ev gava w\u00ee ya daw\u00ee ye di rojnamevaniy\u00ea de.<\/p>\n<p>\u2022 Werg\u00earan<br \/>\nCelal Melek\u015fa ji ber zan\u00eena w\u00ee ya bi ziman\u00ean Kurd\u00ee \u00fb Faris\u00ee \u00fb ta radeyek\u00ea j\u00ee Ereb\u00ee gelek kar\u00ea werger\u00ea kiriye. Di nav werger\u00ean w\u00ee y\u00ean her\u00ee gir\u00eeng de, em dikarin wergera helbest\u00ean helbestvan\u00ean wek\u00ee \u015f\u00earko B\u00eakes, Ebdulah Pe\u015f\u00eaw, Let\u00eef Helmat, cewher Kirman, hwd bi faris\u00ee dikare b\u00ea gotin. Her weha gelek \u00e7\u00eerok ji Kurd\u00ee bo Faris\u00ee \u00fb berevaj\u00ee wergerandiye. Ji bil\u00ee werger\u00ea, \u00e7apkir\u00ee \u00c7end roman\u00ean werger\u00ea w\u00ee hene ku h\u00ea nehatine \u00e7apkirin.<\/p>\n<p>\u2022 \u00c7alakiy\u00ean din<br \/>\nDemek\u00ea li Enst\u00eetuya \u00c7and\u00ee ya End\u00ee\u015fe Ehmed\u00ea Xan\u00ee ya wirm\u00eay\u00ea bi perwerdekirina helbestvan \u00fb niv\u00eeskar\u00ean ciwan \u00ean kurd ve mij\u00fbl b\u00fb. Pi\u015ft\u00ee ku ji wirm\u00eay\u00ea vegeriya \u00fb li siney\u00ea heta hetay\u00ea bi cih b\u00fb demek\u00ea li Saziya Ziman\u00ea Kurd\u00ee ya rajey\u00ea mamostetiya ziman\u00ea Kurd\u00ee kir.<\/p>\n<\/div><div class=\"special-heading-border\"><div class=\"special-heading-inner-border\"><\/div><\/div><\/div>\n","protected":false},"excerpt":{"rendered":"","protected":false},"author":1,"featured_media":6449,"parent":0,"menu_order":0,"comment_status":"closed","ping_status":"closed","template":"","meta":{"_monsterinsights_skip_tracking":false,"_monsterinsights_sitenote_active":false,"_monsterinsights_sitenote_note":"","_monsterinsights_sitenote_category":0,"footnotes":""},"class_list":["post-6452","page","type-page","status-publish","has-post-thumbnail","hentry"],"aioseo_notices":[],"_links":{"self":[{"href":"https:\/\/jalalmalaksha.com\/index.php?rest_route=\/wp\/v2\/pages\/6452","targetHints":{"allow":["GET"]}}],"collection":[{"href":"https:\/\/jalalmalaksha.com\/index.php?rest_route=\/wp\/v2\/pages"}],"about":[{"href":"https:\/\/jalalmalaksha.com\/index.php?rest_route=\/wp\/v2\/types\/page"}],"author":[{"embeddable":true,"href":"https:\/\/jalalmalaksha.com\/index.php?rest_route=\/wp\/v2\/users\/1"}],"replies":[{"embeddable":true,"href":"https:\/\/jalalmalaksha.com\/index.php?rest_route=%2Fwp%2Fv2%2Fcomments&post=6452"}],"version-history":[{"count":6,"href":"https:\/\/jalalmalaksha.com\/index.php?rest_route=\/wp\/v2\/pages\/6452\/revisions"}],"predecessor-version":[{"id":6453,"href":"https:\/\/jalalmalaksha.com\/index.php?rest_route=\/wp\/v2\/pages\/6452\/revisions\/6453"}],"wp:featuredmedia":[{"embeddable":true,"href":"https:\/\/jalalmalaksha.com\/index.php?rest_route=\/wp\/v2\/media\/6449"}],"wp:attachment":[{"href":"https:\/\/jalalmalaksha.com\/index.php?rest_route=%2Fwp%2Fv2%2Fmedia&parent=6452"}],"curies":[{"name":"wp","href":"https:\/\/api.w.org\/{rel}","templated":true}]}}